{"id":47297,"date":"2012-05-15T13:26:01","date_gmt":"2012-05-15T17:26:01","guid":{"rendered":""},"modified":"2025-01-08T11:27:49","modified_gmt":"2025-01-08T16:27:49","slug":"fr-publications-firedlaidfr-jai-ete-congediee-quel-delai-de-preavis-ai-je-droit","status":"publish","type":"publications-page","link":"https:\/\/www.cleo.on.ca\/fr\/publications-page\/fr-publications-firedlaidfr-jai-ete-congediee-quel-delai-de-preavis-ai-je-droit","title":{"rendered":"Si je suis cong\u00e9di\u00e9(e), quels sont mes droits?"},"content":{"rendered":"<p>Votre employeur n&rsquo;est pas tenu de vous informer du motif de votre cong\u00e9diement ou de votre mise \u00e0 pied permanente. Cependant, dans la plupart des situations, il doit vous donner un pr\u00e9avis \u00e9crit.<\/p>\n<p>Votre employeur peut vous donner ce pr\u00e9avis de 2 fa\u00e7ons :<\/p>\n<ol>\n<li>Il peut vous informer qu&rsquo;il vous demandera de quitter votre emploi \u00e0 une date ult\u00e9rieure. Vous \u00eates alors cens\u00e9(e) travailler jusqu&rsquo;\u00e0 cette date. Cet avis s&rsquo;appelle \u00ab pr\u00e9avis de cessation d&#8217;emploi \u00bb.<\/li>\n<li>Ou alors, votre employeur peut vous demander de partir <strong>sur-le-champ<\/strong>. Dans ce cas, il doit vous payer la somme \u00e0 laquelle vous auriez eu droit s&rsquo;il vous avait remis un pr\u00e9avis de cessation d&#8217;emploi. Cette somme est d\u00e9sign\u00e9e par le terme \u00ab indemnit\u00e9 de licenciement \u00bb ou \u00ab indemnit\u00e9 tenant lieu de pr\u00e9avis \u00bb.<\/li>\n<\/ol>\n<h2>D\u00e9lais de pr\u00e9avis sous le r\u00e9gime de la LNE<\/h2>\n<p>La LNE fixe les d\u00e9lais de pr\u00e9avis de licenciement minimaux que doit donner un employeur \u00e0 ses employ\u00e9s. Si vous avez travaill\u00e9 pendant moins de 3 mois, votre employeur n&rsquo;est pas tenu de vous donner de pr\u00e9avis.<\/p>\n<div class=\"table-wrapper\">\n<table class=\"NormalTable\">\n<tbody>\n<tr>\n<td width=\"90\"><strong><span class=\"fontstyle0\">Si vous avez travaill\u00e9 :<\/span><\/strong><\/td>\n<td width=\"138\"><strong><span class=\"fontstyle0\">Le d\u00e9lai doit \u00eatre d&rsquo;au moins :<\/span><\/strong><\/td>\n<\/tr>\n<tr>\n<td width=\"90\"><span class=\"fontstyle2\">3 mois, mais moins d&rsquo;un an<\/span><\/td>\n<td width=\"138\"><span class=\"fontstyle2\">1 semaine<\/span><\/td>\n<\/tr>\n<tr>\n<td width=\"90\"><span class=\"fontstyle2\">1 an, mais moins de 3 ans<\/span><\/td>\n<td width=\"138\"><span class=\"fontstyle2\">2 semaines<\/span><\/td>\n<\/tr>\n<tr>\n<td width=\"90\"><span class=\"fontstyle2\">3 ans, mais moins de 4 ans<\/span><\/td>\n<td width=\"138\"><span class=\"fontstyle2\">3 semaines<\/span><\/td>\n<\/tr>\n<tr>\n<td width=\"90\"><span class=\"fontstyle2\">4 ans, mais moins de 5 ans<\/span><\/td>\n<td width=\"138\"><span class=\"fontstyle2\">4 semaines<\/span><\/td>\n<\/tr>\n<tr>\n<td width=\"90\"><span class=\"fontstyle2\">5 ans, mais moins de 6 ans<\/span><\/td>\n<td width=\"138\"><span class=\"fontstyle2\">5 semaines<\/span><\/td>\n<\/tr>\n<tr>\n<td width=\"90\"><span class=\"fontstyle2\">6 ans, mais moins de 7 ans<\/span><\/td>\n<td width=\"138\"><span class=\"fontstyle2\">6 semaines<\/span><\/td>\n<\/tr>\n<tr>\n<td width=\"90\"><span class=\"fontstyle2\">7 ans, mais moins de 8 ans<\/span><\/td>\n<td width=\"138\"><span class=\"fontstyle2\">7 semaines<\/span><\/td>\n<\/tr>\n<tr>\n<td width=\"90\"><span class=\"fontstyle2\">8 ans, mais moins de 9 ans<\/span><\/td>\n<td width=\"138\"><span class=\"fontstyle2\">8 semaines<\/span><\/td>\n<\/tr>\n<\/tbody>\n<\/table>\n<\/div>\n<p>Ces d\u00e9lais de pr\u00e9avis minimaux sont les seuls dont le minist\u00e8re du Travail puisse forcer l&rsquo;application. Si vous voulez obtenir un d\u00e9lai plus long, vous devez intenter une action en justice contre votre employeur.<\/p>\n<p>Si un employeur cong\u00e9die 50 employ\u00e9s ou plus au cours d&rsquo;une p\u00e9riode de 4 semaines, il se peut que les d\u00e9lais de pr\u00e9avis minimaux soient diff\u00e9rents. Dans un tel contexte, demandez des conseils juridiques.<\/p>\n<h2>B\u00e9n\u00e9ficier d&rsquo;un d\u00e9lai de pr\u00e9avis plus long que le d\u00e9lai de pr\u00e9avis minimal<\/h2>\n<p>Pour obtenir plus que le d\u00e9lai de pr\u00e9avis minimum, vous devez poursuivre votre employeur devant les tribunaux. Ce que vous pourriez obtenir d\u00e9pend de <strong>votre situation<\/strong>.<\/p>\n<p>Voici quelques raisons pour lesquelles vous pourriez obtenir un d\u00e9lai plus long :<\/p>\n<ul>\n<li>Vous avez travaill\u00e9 longtemps pour votre employeur.<\/li>\n<li>Il vous sera tr\u00e8s difficile de trouver un emploi similaire.<\/li>\n<li>Votre emploi \u00e9tait tr\u00e8s sp\u00e9cialis\u00e9.<\/li>\n<li>Lorsque votre employeur vous a embauch\u00e9, il vous a convaincu(e) de quitter un autre emploi.<\/li>\n<li>Vous \u00eates un travailleur ou une travailleuse \u00e2g\u00e9(e).<\/li>\n<\/ul>\n<p>De plus, vous pourriez avoir droit \u00e0 une somme d&rsquo;argent plus \u00e9lev\u00e9e si, par exemple, votre employeur :<\/p>\n<ul>\n<li>a enfreint des r\u00e8gles de droit, telles que les droits de la personne, lorsqu&rsquo;il vous a cong\u00e9di\u00e9(e)<\/li>\n<li>a fait preuve de cruaut\u00e9 ou d&rsquo;insensibilit\u00e9 dans sa fa\u00e7on de vous cong\u00e9dier<\/li>\n<li>vous a cong\u00e9di\u00e9(e) pour une raison injuste; par exemple, il a jug\u00e9 que vous aviez fait quelque chose de mal, ce qui est faux<\/li>\n<li>vous a cong\u00e9di\u00e9(e) parce que vous exerciez les droits que vous conf\u00e8re la LNE<\/li>\n<li>vous a cong\u00e9di\u00e9(e) parce que vous avez fait part de vos pr\u00e9occupations concernant la sant\u00e9 et la s\u00e9curit\u00e9 dans votre lieu de travail<\/li>\n<\/ul>\n<p>Consultez un avocat qui conna\u00eet le droit du travail et demandez-lui quel d\u00e9lai de pr\u00e9avis vous pourriez obtenir.<\/p>\n<p>Pour savoir \u00e0 qui vous adresser pour obtenir une assistance juridique, voir <a href=\"https:\/\/www.cleo.on.ca\/fr\/publications\/firedlaidfr\/qui-madresser-pour-en-savoir-plus-et-obtenir-une-assistance-juridique\">\u00c0 qui m&rsquo;adresser pour obtenir de l&rsquo;assistance et des renseignements?<\/a><\/p>\n<p>Avec l&rsquo;aide d&rsquo;un avocat, vous pourriez \u00eatre en mesure de vous entendre avec votre employeur sur le montant de l&rsquo;indemnit\u00e9. Un avocat pourrait aussi vous aider \u00e0 intenter une action en justice contre votre employeur.<\/p>\n","protected":false},"featured_media":0,"template":"","class_list":["post-47297","publications-page","type-publications-page","status-publish","hentry"],"yoast_head":"<!-- This site is optimized with the Yoast SEO plugin v25.2 - https:\/\/yoast.com\/wordpress\/plugins\/seo\/ -->\n<title>Si je suis cong\u00e9di\u00e9(e), quels sont mes droits? - CLEO (Community Legal Education Ontario \/ \u00c9ducation juridique communautaire Ontario)<\/title>\n<meta name=\"robots\" content=\"index, follow, max-snippet:-1, max-image-preview:large, max-video-preview:-1\" \/>\n<link rel=\"canonical\" href=\"https:\/\/www.cleo.on.ca\/fr\/publications-page\/fr-publications-firedlaidfr-jai-ete-congediee-quel-delai-de-preavis-ai-je-droit\" \/>\n<meta property=\"og:locale\" content=\"fr_FR\" \/>\n<meta property=\"og:type\" content=\"article\" \/>\n<meta property=\"og:title\" content=\"Si je suis cong\u00e9di\u00e9(e), quels sont mes droits? - CLEO (Community Legal Education Ontario \/ \u00c9ducation juridique communautaire Ontario)\" \/>\n<meta property=\"og:description\" content=\"Votre employeur n&rsquo;est pas tenu de vous informer du motif de votre cong\u00e9diement ou de votre mise \u00e0 pied permanente. Cependant, dans la plupart des situations, il doit vous donner un pr\u00e9avis \u00e9crit. Votre employeur peut vous donner ce pr\u00e9avis de 2 fa\u00e7ons : Il peut vous informer qu&rsquo;il vous demandera de quitter votre emploi \u00e0 une date ult\u00e9rieure.\" \/>\n<meta property=\"og:url\" content=\"https:\/\/www.cleo.on.ca\/fr\/publications-page\/fr-publications-firedlaidfr-jai-ete-congediee-quel-delai-de-preavis-ai-je-droit\" \/>\n<meta property=\"og:site_name\" content=\"CLEO (Community Legal Education Ontario \/ \u00c9ducation juridique communautaire Ontario)\" \/>\n<meta property=\"article:modified_time\" content=\"2025-01-08T16:27:49+00:00\" \/>\n<meta name=\"twitter:card\" content=\"summary_large_image\" \/>\n<meta name=\"twitter:label1\" content=\"Dur\u00e9e de lecture estim\u00e9e\" \/>\n\t<meta name=\"twitter:data1\" content=\"3 minutes\" \/>\n<script type=\"application\/ld+json\" class=\"yoast-schema-graph\">{\"@context\":\"https:\/\/schema.org\",\"@graph\":[{\"@type\":\"WebPage\",\"@id\":\"https:\/\/www.cleo.on.ca\/fr\/publications-page\/fr-publications-firedlaidfr-jai-ete-congediee-quel-delai-de-preavis-ai-je-droit\",\"url\":\"https:\/\/www.cleo.on.ca\/fr\/publications-page\/fr-publications-firedlaidfr-jai-ete-congediee-quel-delai-de-preavis-ai-je-droit\",\"name\":\"Si je suis cong\u00e9di\u00e9(e), quels sont mes droits? - CLEO (Community Legal Education Ontario \/ \u00c9ducation juridique communautaire Ontario)\",\"isPartOf\":{\"@id\":\"https:\/\/www.cleo.on.ca\/fr#website\"},\"datePublished\":\"2012-05-15T17:26:01+00:00\",\"dateModified\":\"2025-01-08T16:27:49+00:00\",\"breadcrumb\":{\"@id\":\"https:\/\/www.cleo.on.ca\/fr\/publications-page\/fr-publications-firedlaidfr-jai-ete-congediee-quel-delai-de-preavis-ai-je-droit#breadcrumb\"},\"inLanguage\":\"fr-FR\",\"potentialAction\":[{\"@type\":\"ReadAction\",\"target\":[\"https:\/\/www.cleo.on.ca\/fr\/publications-page\/fr-publications-firedlaidfr-jai-ete-congediee-quel-delai-de-preavis-ai-je-droit\"]}]},{\"@type\":\"BreadcrumbList\",\"@id\":\"https:\/\/www.cleo.on.ca\/fr\/publications-page\/fr-publications-firedlaidfr-jai-ete-congediee-quel-delai-de-preavis-ai-je-droit#breadcrumb\",\"itemListElement\":[{\"@type\":\"ListItem\",\"position\":1,\"name\":\"Home\",\"item\":\"https:\/\/www.cleo.on.ca\/fr\/accueil-2\"},{\"@type\":\"ListItem\",\"position\":2,\"name\":\"Publication pages\",\"item\":\"https:\/\/www.cleo.on.ca\/fr\/publications-page\"},{\"@type\":\"ListItem\",\"position\":3,\"name\":\"Si je suis cong\u00e9di\u00e9(e), quels sont mes droits?\"}]},{\"@type\":\"WebSite\",\"@id\":\"https:\/\/www.cleo.on.ca\/fr#website\",\"url\":\"https:\/\/www.cleo.on.ca\/fr\",\"name\":\"CLEO (Community Legal Education Ontario \/ \u00c9ducation juridique communautaire Ontario)\",\"description\":\"\",\"potentialAction\":[{\"@type\":\"SearchAction\",\"target\":{\"@type\":\"EntryPoint\",\"urlTemplate\":\"https:\/\/www.cleo.on.ca\/fr?s={search_term_string}\"},\"query-input\":{\"@type\":\"PropertyValueSpecification\",\"valueRequired\":true,\"valueName\":\"search_term_string\"}}],\"inLanguage\":\"fr-FR\"}]}<\/script>\n<!-- \/ Yoast SEO plugin. -->","yoast_head_json":{"title":"Si je suis cong\u00e9di\u00e9(e), quels sont mes droits? - CLEO (Community Legal Education Ontario \/ \u00c9ducation juridique communautaire Ontario)","robots":{"index":"index","follow":"follow","max-snippet":"max-snippet:-1","max-image-preview":"max-image-preview:large","max-video-preview":"max-video-preview:-1"},"canonical":"https:\/\/www.cleo.on.ca\/fr\/publications-page\/fr-publications-firedlaidfr-jai-ete-congediee-quel-delai-de-preavis-ai-je-droit","og_locale":"fr_FR","og_type":"article","og_title":"Si je suis cong\u00e9di\u00e9(e), quels sont mes droits? - CLEO (Community Legal Education Ontario \/ \u00c9ducation juridique communautaire Ontario)","og_description":"Votre employeur n&rsquo;est pas tenu de vous informer du motif de votre cong\u00e9diement ou de votre mise \u00e0 pied permanente. Cependant, dans la plupart des situations, il doit vous donner un pr\u00e9avis \u00e9crit. Votre employeur peut vous donner ce pr\u00e9avis de 2 fa\u00e7ons : Il peut vous informer qu&rsquo;il vous demandera de quitter votre emploi \u00e0 une date ult\u00e9rieure.","og_url":"https:\/\/www.cleo.on.ca\/fr\/publications-page\/fr-publications-firedlaidfr-jai-ete-congediee-quel-delai-de-preavis-ai-je-droit","og_site_name":"CLEO (Community Legal Education Ontario \/ \u00c9ducation juridique communautaire Ontario)","article_modified_time":"2025-01-08T16:27:49+00:00","twitter_card":"summary_large_image","twitter_misc":{"Dur\u00e9e de lecture estim\u00e9e":"3 minutes"},"schema":{"@context":"https:\/\/schema.org","@graph":[{"@type":"WebPage","@id":"https:\/\/www.cleo.on.ca\/fr\/publications-page\/fr-publications-firedlaidfr-jai-ete-congediee-quel-delai-de-preavis-ai-je-droit","url":"https:\/\/www.cleo.on.ca\/fr\/publications-page\/fr-publications-firedlaidfr-jai-ete-congediee-quel-delai-de-preavis-ai-je-droit","name":"Si je suis cong\u00e9di\u00e9(e), quels sont mes droits? - CLEO (Community Legal Education Ontario \/ \u00c9ducation juridique communautaire Ontario)","isPartOf":{"@id":"https:\/\/www.cleo.on.ca\/fr#website"},"datePublished":"2012-05-15T17:26:01+00:00","dateModified":"2025-01-08T16:27:49+00:00","breadcrumb":{"@id":"https:\/\/www.cleo.on.ca\/fr\/publications-page\/fr-publications-firedlaidfr-jai-ete-congediee-quel-delai-de-preavis-ai-je-droit#breadcrumb"},"inLanguage":"fr-FR","potentialAction":[{"@type":"ReadAction","target":["https:\/\/www.cleo.on.ca\/fr\/publications-page\/fr-publications-firedlaidfr-jai-ete-congediee-quel-delai-de-preavis-ai-je-droit"]}]},{"@type":"BreadcrumbList","@id":"https:\/\/www.cleo.on.ca\/fr\/publications-page\/fr-publications-firedlaidfr-jai-ete-congediee-quel-delai-de-preavis-ai-je-droit#breadcrumb","itemListElement":[{"@type":"ListItem","position":1,"name":"Home","item":"https:\/\/www.cleo.on.ca\/fr\/accueil-2"},{"@type":"ListItem","position":2,"name":"Publication pages","item":"https:\/\/www.cleo.on.ca\/fr\/publications-page"},{"@type":"ListItem","position":3,"name":"Si je suis cong\u00e9di\u00e9(e), quels sont mes droits?"}]},{"@type":"WebSite","@id":"https:\/\/www.cleo.on.ca\/fr#website","url":"https:\/\/www.cleo.on.ca\/fr","name":"CLEO (Community Legal Education Ontario \/ \u00c9ducation juridique communautaire Ontario)","description":"","potentialAction":[{"@type":"SearchAction","target":{"@type":"EntryPoint","urlTemplate":"https:\/\/www.cleo.on.ca\/fr?s={search_term_string}"},"query-input":{"@type":"PropertyValueSpecification","valueRequired":true,"valueName":"search_term_string"}}],"inLanguage":"fr-FR"}]}},"meta_box":[],"_links":{"self":[{"href":"https:\/\/www.cleo.on.ca\/fr\/wp-json\/wp\/v2\/publications-page\/47297","targetHints":{"allow":["GET"]}}],"collection":[{"href":"https:\/\/www.cleo.on.ca\/fr\/wp-json\/wp\/v2\/publications-page"}],"about":[{"href":"https:\/\/www.cleo.on.ca\/fr\/wp-json\/wp\/v2\/types\/publications-page"}],"version-history":[{"count":6,"href":"https:\/\/www.cleo.on.ca\/fr\/wp-json\/wp\/v2\/publications-page\/47297\/revisions"}],"predecessor-version":[{"id":60040,"href":"https:\/\/www.cleo.on.ca\/fr\/wp-json\/wp\/v2\/publications-page\/47297\/revisions\/60040"}],"wp:attachment":[{"href":"https:\/\/www.cleo.on.ca\/fr\/wp-json\/wp\/v2\/media?parent=47297"}],"curies":[{"name":"wp","href":"https:\/\/api.w.org\/{rel}","templated":true}]}}