{"id":47672,"date":"2012-05-14T17:48:30","date_gmt":"2012-05-14T21:48:30","guid":{"rendered":""},"modified":"2019-07-09T20:36:16","modified_gmt":"2019-07-09T20:36:16","slug":"qui-sont-les-victimes-0","status":"publish","type":"publications-page","link":"https:\/\/www.cleo.on.ca\/fr\/publications-page\/qui-sont-les-victimes-0","title":{"rendered":"Qui sont les victimes?"},"content":{"rendered":"<p>La plupart des a\u00een\u00e9s maltrait\u00e9s jouissent de toutes leurs facult\u00e9s mentales et sont en mesure de prendre leurs propres d\u00e9cisions. La plupart d&rsquo;entre eux sont capables de prendre soin de leur sant\u00e9 et n&rsquo;ont pas besoin de soins constants. On ne devrait jamais supposer qu&rsquo;une victime souffre d&rsquo;incapacit\u00e9 mentale du seul fait qu&rsquo;elle est \u00e2g\u00e9e.<\/p>\n<p>S&rsquo;il est vrai que les victimes d\u00e9pendent souvent d&rsquo;une fa\u00e7on ou d&rsquo;une autre de ceux qui les maltraitent, leur d\u00e9pendance ne d\u00e9coule pas n\u00e9cessairement d&rsquo;une incapacit\u00e9 mentale ou d&rsquo;une fragilit\u00e9 physique. Par ailleurs, les personnes \u00e2g\u00e9es qui souffrent d&rsquo;une incapacit\u00e9 mentale ou physique sont plus facilement en proie \u00e0 des mauvais traitements.<\/p>\n<p>Dans certaines situations, les mauvais traitements envers une personne \u00e2g\u00e9e par son conjoint ou son partenaire intime, constituent de la violence familiale.<\/p>\n<p>Toutes les personnes \u00e2g\u00e9es peuvent subir de mauvais traitements, mais les pr\u00e9judices corporels les plus graves sont le plus souvent inflig\u00e9s \u00e0 des femmes.<\/p>\n<p>La ressource de CLEO intitul\u00e9e <a href=\"https:\/\/www.cleo.on.ca\/fr\/publications\/dykawfr\" target=\"_blank\">Connaissez-vous une femme victime de violence? Guide sur les droits que reconna\u00eet la loi<\/a> contient des renseignements d&rsquo;aide et les coordonn\u00e9es d&rsquo;organismes auxquels les femmes victimes de violence familiale peuvent avoir recours.<\/p>\n<p>Isolement et mauvais traitements vont de pair. Beaucoup de victimes sont isol\u00e9es de leurs amis, de leurs voisins et des membres de leur famille.<\/p>\n","protected":false},"featured_media":0,"template":"","class_list":["post-47672","publications-page","type-publications-page","status-publish","hentry"],"yoast_head":"<!-- This site is optimized with the Yoast SEO plugin v25.2 - https:\/\/yoast.com\/wordpress\/plugins\/seo\/ -->\n<title>Qui sont les victimes? - CLEO (Community Legal Education Ontario \/ \u00c9ducation juridique communautaire Ontario)<\/title>\n<meta name=\"robots\" content=\"index, follow, max-snippet:-1, max-image-preview:large, max-video-preview:-1\" \/>\n<link rel=\"canonical\" href=\"https:\/\/www.cleo.on.ca\/fr\/publications-page\/qui-sont-les-victimes-0\" \/>\n<meta property=\"og:locale\" content=\"fr_FR\" \/>\n<meta property=\"og:type\" content=\"article\" \/>\n<meta property=\"og:title\" content=\"Qui sont les victimes? - CLEO (Community Legal Education Ontario \/ \u00c9ducation juridique communautaire Ontario)\" \/>\n<meta property=\"og:description\" content=\"La plupart des a\u00een\u00e9s maltrait\u00e9s jouissent de toutes leurs facult\u00e9s mentales et sont en mesure de prendre leurs propres d\u00e9cisions. La plupart d&rsquo;entre eux sont capables de prendre soin de leur sant\u00e9 et n&rsquo;ont pas besoin de soins constants. On ne devrait jamais supposer qu&rsquo;une victime souffre d&rsquo;incapacit\u00e9 mentale du seul fait qu&rsquo;elle est \u00e2g\u00e9e.\" \/>\n<meta property=\"og:url\" content=\"https:\/\/www.cleo.on.ca\/fr\/publications-page\/qui-sont-les-victimes-0\" \/>\n<meta property=\"og:site_name\" content=\"CLEO (Community Legal Education Ontario \/ \u00c9ducation juridique communautaire Ontario)\" \/>\n<meta property=\"article:modified_time\" content=\"2019-07-09T20:36:16+00:00\" \/>\n<meta name=\"twitter:card\" content=\"summary_large_image\" \/>\n<meta name=\"twitter:label1\" content=\"Dur\u00e9e de lecture estim\u00e9e\" \/>\n\t<meta name=\"twitter:data1\" content=\"1 minute\" \/>\n<script type=\"application\/ld+json\" class=\"yoast-schema-graph\">{\"@context\":\"https:\/\/schema.org\",\"@graph\":[{\"@type\":\"WebPage\",\"@id\":\"https:\/\/www.cleo.on.ca\/fr\/publications-page\/qui-sont-les-victimes-0\",\"url\":\"https:\/\/www.cleo.on.ca\/fr\/publications-page\/qui-sont-les-victimes-0\",\"name\":\"Qui sont les victimes? - CLEO (Community Legal Education Ontario \/ \u00c9ducation juridique communautaire Ontario)\",\"isPartOf\":{\"@id\":\"https:\/\/www.cleo.on.ca\/fr#website\"},\"datePublished\":\"-0001-11-30T00:00:00+00:00\",\"dateModified\":\"2019-07-09T20:36:16+00:00\",\"breadcrumb\":{\"@id\":\"https:\/\/www.cleo.on.ca\/fr\/publications-page\/qui-sont-les-victimes-0#breadcrumb\"},\"inLanguage\":\"fr-FR\",\"potentialAction\":[{\"@type\":\"ReadAction\",\"target\":[\"https:\/\/www.cleo.on.ca\/fr\/publications-page\/qui-sont-les-victimes-0\"]}]},{\"@type\":\"BreadcrumbList\",\"@id\":\"https:\/\/www.cleo.on.ca\/fr\/publications-page\/qui-sont-les-victimes-0#breadcrumb\",\"itemListElement\":[{\"@type\":\"ListItem\",\"position\":1,\"name\":\"Home\",\"item\":\"https:\/\/www.cleo.on.ca\/fr\/accueil-2\"},{\"@type\":\"ListItem\",\"position\":2,\"name\":\"Publication pages\",\"item\":\"https:\/\/www.cleo.on.ca\/fr\/publications-page\"},{\"@type\":\"ListItem\",\"position\":3,\"name\":\"Qui sont les victimes?\"}]},{\"@type\":\"WebSite\",\"@id\":\"https:\/\/www.cleo.on.ca\/fr#website\",\"url\":\"https:\/\/www.cleo.on.ca\/fr\",\"name\":\"CLEO (Community Legal Education Ontario \/ \u00c9ducation juridique communautaire Ontario)\",\"description\":\"\",\"potentialAction\":[{\"@type\":\"SearchAction\",\"target\":{\"@type\":\"EntryPoint\",\"urlTemplate\":\"https:\/\/www.cleo.on.ca\/fr?s={search_term_string}\"},\"query-input\":{\"@type\":\"PropertyValueSpecification\",\"valueRequired\":true,\"valueName\":\"search_term_string\"}}],\"inLanguage\":\"fr-FR\"}]}<\/script>\n<!-- \/ Yoast SEO plugin. -->","yoast_head_json":{"title":"Qui sont les victimes? - CLEO (Community Legal Education Ontario \/ \u00c9ducation juridique communautaire Ontario)","robots":{"index":"index","follow":"follow","max-snippet":"max-snippet:-1","max-image-preview":"max-image-preview:large","max-video-preview":"max-video-preview:-1"},"canonical":"https:\/\/www.cleo.on.ca\/fr\/publications-page\/qui-sont-les-victimes-0","og_locale":"fr_FR","og_type":"article","og_title":"Qui sont les victimes? - CLEO (Community Legal Education Ontario \/ \u00c9ducation juridique communautaire Ontario)","og_description":"La plupart des a\u00een\u00e9s maltrait\u00e9s jouissent de toutes leurs facult\u00e9s mentales et sont en mesure de prendre leurs propres d\u00e9cisions. La plupart d&rsquo;entre eux sont capables de prendre soin de leur sant\u00e9 et n&rsquo;ont pas besoin de soins constants. On ne devrait jamais supposer qu&rsquo;une victime souffre d&rsquo;incapacit\u00e9 mentale du seul fait qu&rsquo;elle est \u00e2g\u00e9e.","og_url":"https:\/\/www.cleo.on.ca\/fr\/publications-page\/qui-sont-les-victimes-0","og_site_name":"CLEO (Community Legal Education Ontario \/ \u00c9ducation juridique communautaire Ontario)","article_modified_time":"2019-07-09T20:36:16+00:00","twitter_card":"summary_large_image","twitter_misc":{"Dur\u00e9e de lecture estim\u00e9e":"1 minute"},"schema":{"@context":"https:\/\/schema.org","@graph":[{"@type":"WebPage","@id":"https:\/\/www.cleo.on.ca\/fr\/publications-page\/qui-sont-les-victimes-0","url":"https:\/\/www.cleo.on.ca\/fr\/publications-page\/qui-sont-les-victimes-0","name":"Qui sont les victimes? - CLEO (Community Legal Education Ontario \/ \u00c9ducation juridique communautaire Ontario)","isPartOf":{"@id":"https:\/\/www.cleo.on.ca\/fr#website"},"datePublished":"-0001-11-30T00:00:00+00:00","dateModified":"2019-07-09T20:36:16+00:00","breadcrumb":{"@id":"https:\/\/www.cleo.on.ca\/fr\/publications-page\/qui-sont-les-victimes-0#breadcrumb"},"inLanguage":"fr-FR","potentialAction":[{"@type":"ReadAction","target":["https:\/\/www.cleo.on.ca\/fr\/publications-page\/qui-sont-les-victimes-0"]}]},{"@type":"BreadcrumbList","@id":"https:\/\/www.cleo.on.ca\/fr\/publications-page\/qui-sont-les-victimes-0#breadcrumb","itemListElement":[{"@type":"ListItem","position":1,"name":"Home","item":"https:\/\/www.cleo.on.ca\/fr\/accueil-2"},{"@type":"ListItem","position":2,"name":"Publication pages","item":"https:\/\/www.cleo.on.ca\/fr\/publications-page"},{"@type":"ListItem","position":3,"name":"Qui sont les victimes?"}]},{"@type":"WebSite","@id":"https:\/\/www.cleo.on.ca\/fr#website","url":"https:\/\/www.cleo.on.ca\/fr","name":"CLEO (Community Legal Education Ontario \/ \u00c9ducation juridique communautaire Ontario)","description":"","potentialAction":[{"@type":"SearchAction","target":{"@type":"EntryPoint","urlTemplate":"https:\/\/www.cleo.on.ca\/fr?s={search_term_string}"},"query-input":{"@type":"PropertyValueSpecification","valueRequired":true,"valueName":"search_term_string"}}],"inLanguage":"fr-FR"}]}},"meta_box":[],"_links":{"self":[{"href":"https:\/\/www.cleo.on.ca\/fr\/wp-json\/wp\/v2\/publications-page\/47672","targetHints":{"allow":["GET"]}}],"collection":[{"href":"https:\/\/www.cleo.on.ca\/fr\/wp-json\/wp\/v2\/publications-page"}],"about":[{"href":"https:\/\/www.cleo.on.ca\/fr\/wp-json\/wp\/v2\/types\/publications-page"}],"version-history":[{"count":0,"href":"https:\/\/www.cleo.on.ca\/fr\/wp-json\/wp\/v2\/publications-page\/47672\/revisions"}],"wp:attachment":[{"href":"https:\/\/www.cleo.on.ca\/fr\/wp-json\/wp\/v2\/media?parent=47672"}],"curies":[{"name":"wp","href":"https:\/\/api.w.org\/{rel}","templated":true}]}}